{"id":10,"date":"2023-01-12T12:42:17","date_gmt":"2023-01-12T12:42:17","guid":{"rendered":"https:\/\/lacoursedusoleil.be.frattini.be\/?page_id=10"},"modified":"2026-01-16T13:02:13","modified_gmt":"2026-01-16T13:02:13","slug":"home","status":"publish","type":"page","link":"https:\/\/lacoursedusoleil.be.frattini.be\/","title":{"rendered":"Home"},"content":{"rendered":"\n<div class=\"wp-block-cover alignfull is-light\" style=\"min-height:500px;aspect-ratio:unset;\"><span aria-hidden=\"true\" class=\"wp-block-cover__background has-background-dim-100 has-background-dim has-background-gradient\" style=\"background:linear-gradient(35deg,rgb(6,0,151) 0%,rgb(130,4,255) 73%,rgb(193,15,255) 100%)\"><\/span><div class=\"wp-block-cover__inner-container is-layout-flow wp-block-cover-is-layout-flow\">\n<div class=\"inherit-container-width wp-block-group alignwide is-layout-constrained wp-block-group-is-layout-constrained\">\n<div class=\"wp-block-media-text alignwide has-media-on-the-right is-stacked-on-mobile is-vertically-aligned-center\" style=\"grid-template-columns:auto 43%\"><div class=\"wp-block-media-text__content\">\n<h1 class=\"wp-block-heading has-text-align-left has-white-color has-text-color\">Votre g\u00eete!<\/h1>\n\n\n\n<p>Situ\u00e9 sur les hauteurs de Saint-Hubert et proche du centre  historique le gite : \u00ab\u00a0La Course Du Soleil\u00a0\u00bb vous offre des vues des plus enviables. <br>Lorsque la m\u00e9t\u00e9o joue le jeu, vous b\u00e9n\u00e9ficiez de lever et de coucher de soleil \u00e0 en oublier le temps. Les astronomes en herbe appr\u00e9cieront \u00e9galement les nuits \u00e9toil\u00e9es.<br>Logement pour 9 personnes<\/p>\n\n\n\n<div class=\"wp-block-buttons alignwide is-layout-flex wp-block-buttons-is-layout-flex\">\n<div class=\"wp-block-button\"><a class=\"wp-block-button__link wp-element-button\" href=\"https:\/\/www.google.be\/maps\/dir\/\/50.0275656,5.3564145\/@50.0279119,5.3577993,17.29z?hl=fr\" target=\"_blank\" rel=\"noreferrer noopener\">O\u00f9 ?<\/a><\/div>\n\n\n\n<div class=\"wp-block-button\"><a class=\"wp-block-button__link wp-element-button\" href=\"https:\/\/lacoursedusoleil.be\/?page_id=92\">R\u00e9server<\/a><\/div>\n\n\n\n<div class=\"wp-block-button\"><a class=\"wp-block-button__link wp-element-button\" href=\"https:\/\/www.facebook.com\/lacoursedusoleil\">Suivez nous !<\/a><\/div>\n<\/div>\n<\/div><figure class=\"wp-block-media-text__media\"><img loading=\"lazy\" decoding=\"async\" width=\"1024\" height=\"738\" src=\"https:\/\/lacoursedusoleil.be.frattini.be\/wp-content\/uploads\/2023\/01\/pt-maison-1024x738.jpg\" alt=\"\" class=\"wp-image-44 size-full\" srcset=\"https:\/\/lacoursedusoleil.be.frattini.be\/wp-content\/uploads\/2023\/01\/pt-maison-1024x738.jpg 1024w, https:\/\/lacoursedusoleil.be.frattini.be\/wp-content\/uploads\/2023\/01\/pt-maison-300x216.jpg 300w, https:\/\/lacoursedusoleil.be.frattini.be\/wp-content\/uploads\/2023\/01\/pt-maison-768x554.jpg 768w, https:\/\/lacoursedusoleil.be.frattini.be\/wp-content\/uploads\/2023\/01\/pt-maison.jpg 1284w\" sizes=\"auto, (max-width: 1024px) 100vw, 1024px\" \/><\/figure><\/div>\n<\/div>\n<\/div><\/div>\n\n\n\n<div class=\"wp-block-group alignfull is-layout-constrained wp-container-core-group-is-layout-45b0ac4f wp-block-group-is-layout-constrained\" id=\"services\" style=\"padding-top:144px;padding-bottom:0px\">\n<h2 class=\"wp-block-heading\">Le rez-de-chauss\u00e9e<\/h2>\n\n\n\n<div class=\"wp-block-columns is-layout-flex wp-container-core-columns-is-layout-28f84493 wp-block-columns-is-layout-flex\">\n<div class=\"wp-block-column is-layout-flow wp-block-column-is-layout-flow\">\n<figure class=\"wp-block-image size-full\"><img loading=\"lazy\" decoding=\"async\" width=\"778\" height=\"519\" src=\"https:\/\/lacoursedusoleil.be.frattini.be\/wp-content\/uploads\/2023\/01\/pt-salon.jpg\" alt=\"\" class=\"wp-image-57\" srcset=\"https:\/\/lacoursedusoleil.be.frattini.be\/wp-content\/uploads\/2023\/01\/pt-salon.jpg 778w, https:\/\/lacoursedusoleil.be.frattini.be\/wp-content\/uploads\/2023\/01\/pt-salon-300x200.jpg 300w, https:\/\/lacoursedusoleil.be.frattini.be\/wp-content\/uploads\/2023\/01\/pt-salon-768x512.jpg 768w\" sizes=\"auto, (max-width: 778px) 100vw, 778px\" \/><\/figure>\n\n\n\n<h2 class=\"wp-block-heading\">Le salon<\/h2>\n\n\n\n<p>Salon d&rsquo;environ 25m\u00b2, 2 canap\u00e9s 3-4 places,<br>TV 4k 55p avec d\u00e9codeur Voo +sport + Netflix<\/p>\n<\/div>\n\n\n\n<div class=\"wp-block-column is-layout-flow wp-block-column-is-layout-flow\">\n<figure class=\"wp-block-gallery has-nested-images columns-default is-cropped wp-block-gallery-1 is-layout-flex wp-block-gallery-is-layout-flex\">\n<figure class=\"wp-block-image size-large\"><img loading=\"lazy\" decoding=\"async\" width=\"1024\" height=\"683\" data-id=\"58\" src=\"https:\/\/lacoursedusoleil.be.frattini.be\/wp-content\/uploads\/2023\/01\/pt-cuisine-1024x683.jpg\" alt=\"\" class=\"wp-image-58\" srcset=\"https:\/\/lacoursedusoleil.be.frattini.be\/wp-content\/uploads\/2023\/01\/pt-cuisine-1024x683.jpg 1024w, https:\/\/lacoursedusoleil.be.frattini.be\/wp-content\/uploads\/2023\/01\/pt-cuisine-300x200.jpg 300w, https:\/\/lacoursedusoleil.be.frattini.be\/wp-content\/uploads\/2023\/01\/pt-cuisine-768x512.jpg 768w, https:\/\/lacoursedusoleil.be.frattini.be\/wp-content\/uploads\/2023\/01\/pt-cuisine-1536x1024.jpg 1536w, https:\/\/lacoursedusoleil.be.frattini.be\/wp-content\/uploads\/2023\/01\/pt-cuisine-2048x1365.jpg 2048w\" sizes=\"auto, (max-width: 1024px) 100vw, 1024px\" \/><\/figure>\n<\/figure>\n\n\n\n<h2 class=\"wp-block-heading\">La cuisine<\/h2>\n\n\n\n<p>Cuisine \u00e9quip\u00e9e, taque induction, four, micro onde, Senseo et cafeti\u00e8re, ustensiles de cuisines, nombreux rangements. +Alexa avec Spotify premium<\/p>\n<\/div>\n\n\n\n<div class=\"wp-block-column is-layout-flow wp-block-column-is-layout-flow\">\n<figure class=\"wp-block-gallery has-nested-images columns-default is-cropped wp-block-gallery-2 is-layout-flex wp-block-gallery-is-layout-flex\">\n<figure class=\"wp-block-image size-large\"><img loading=\"lazy\" decoding=\"async\" width=\"1024\" height=\"683\" data-id=\"59\" src=\"https:\/\/lacoursedusoleil.be.frattini.be\/wp-content\/uploads\/2023\/01\/pt-salle-a-manger-1024x683.jpg\" alt=\"\" class=\"wp-image-59\" srcset=\"https:\/\/lacoursedusoleil.be.frattini.be\/wp-content\/uploads\/2023\/01\/pt-salle-a-manger-1024x683.jpg 1024w, https:\/\/lacoursedusoleil.be.frattini.be\/wp-content\/uploads\/2023\/01\/pt-salle-a-manger-300x200.jpg 300w, https:\/\/lacoursedusoleil.be.frattini.be\/wp-content\/uploads\/2023\/01\/pt-salle-a-manger-768x512.jpg 768w, https:\/\/lacoursedusoleil.be.frattini.be\/wp-content\/uploads\/2023\/01\/pt-salle-a-manger-1536x1024.jpg 1536w, https:\/\/lacoursedusoleil.be.frattini.be\/wp-content\/uploads\/2023\/01\/pt-salle-a-manger-2048x1365.jpg 2048w\" sizes=\"auto, (max-width: 1024px) 100vw, 1024px\" \/><\/figure>\n<\/figure>\n\n\n\n<h2 class=\"wp-block-heading\">La salle \u00e0 manger<\/h2>\n\n\n\n<p>Salle \u00e0 manger ~25m\u00b2, grande table avec 8 chaises +1<br>Baie vitr\u00e9e donnant acc\u00e8s \u00e0 la terrasse et vue sur le jardin (exposition ~sud)<\/p>\n<\/div>\n<\/div>\n\n\n\n<hr class=\"wp-block-separator has-alpha-channel-opacity is-style-wide\"\/>\n\n\n\n<h2 class=\"wp-block-heading\">L&rsquo;\u00e9tage<\/h2>\n\n\n\n<div class=\"wp-block-columns is-layout-flex wp-container-core-columns-is-layout-60cbf9bb wp-block-columns-is-layout-flex\" style=\"margin-top:50px\">\n<div class=\"wp-block-column is-layout-flow wp-container-core-column-is-layout-6b73ce23 wp-block-column-is-layout-flow\">\n<figure class=\"wp-block-image size-full\"><img loading=\"lazy\" decoding=\"async\" width=\"512\" height=\"384\" src=\"https:\/\/lacoursedusoleil.be.frattini.be\/wp-content\/uploads\/2023\/01\/pt-chambre1.jpg\" alt=\"\" class=\"wp-image-45\" srcset=\"https:\/\/lacoursedusoleil.be.frattini.be\/wp-content\/uploads\/2023\/01\/pt-chambre1.jpg 512w, https:\/\/lacoursedusoleil.be.frattini.be\/wp-content\/uploads\/2023\/01\/pt-chambre1-300x225.jpg 300w\" sizes=\"auto, (max-width: 512px) 100vw, 512px\" \/><\/figure>\n\n\n\n<h3 class=\"wp-block-heading\" style=\"margin-top:16px\">Chambre double<\/h3>\n\n\n\n<p>Chambre spacieuse poss\u00e9dant de grands rangements. Le lit 160cm est en face d&rsquo;un baie vitr\u00e9e offrant une tr\u00e8s belle vue sur les champs et for\u00eats.<br>Elle dispose d&rsquo;une smart TV avec abonnement Netflix.<\/p>\n\n\n\n<p><\/p>\n<\/div>\n\n\n\n<div class=\"wp-block-column is-layout-flow wp-container-core-column-is-layout-6b73ce23 wp-block-column-is-layout-flow\">\n<figure class=\"wp-block-image size-full\"><img loading=\"lazy\" decoding=\"async\" width=\"2560\" height=\"1439\" src=\"https:\/\/lacoursedusoleil.be.frattini.be\/wp-content\/uploads\/2024\/04\/20240213_170846-scaled.jpg\" alt=\"\" class=\"wp-image-176\" srcset=\"https:\/\/lacoursedusoleil.be.frattini.be\/wp-content\/uploads\/2024\/04\/20240213_170846-scaled.jpg 2560w, https:\/\/lacoursedusoleil.be.frattini.be\/wp-content\/uploads\/2024\/04\/20240213_170846-300x169.jpg 300w, https:\/\/lacoursedusoleil.be.frattini.be\/wp-content\/uploads\/2024\/04\/20240213_170846-1024x576.jpg 1024w, https:\/\/lacoursedusoleil.be.frattini.be\/wp-content\/uploads\/2024\/04\/20240213_170846-768x432.jpg 768w, https:\/\/lacoursedusoleil.be.frattini.be\/wp-content\/uploads\/2024\/04\/20240213_170846-1536x864.jpg 1536w, https:\/\/lacoursedusoleil.be.frattini.be\/wp-content\/uploads\/2024\/04\/20240213_170846-2048x1151.jpg 2048w\" sizes=\"auto, (max-width: 2560px) 100vw, 2560px\" \/><\/figure>\n\n\n\n<h3 class=\"wp-block-heading\" style=\"margin-top:16px\">Chambre quadruple<\/h3>\n\n\n\n<p>Chambre spacieuse o\u00f9 un lit \u00e0 \u00e9tages et un lit double 140cm permettent d&rsquo;accueillir 4 personnes. Une garde robe et une petite table compl\u00e8tent l&rsquo;espace.<\/p>\n<\/div>\n\n\n\n<div class=\"wp-block-column is-layout-flow wp-container-core-column-is-layout-6b73ce23 wp-block-column-is-layout-flow\">\n<div class=\"wp-block-columns is-layout-flex wp-container-core-columns-is-layout-28f84493 wp-block-columns-is-layout-flex\">\n<div class=\"wp-block-column is-layout-flow wp-block-column-is-layout-flow\" style=\"flex-basis:100%\">\n<figure class=\"wp-block-image size-full\"><img loading=\"lazy\" decoding=\"async\" width=\"816\" height=\"612\" src=\"https:\/\/lacoursedusoleil.be.frattini.be\/wp-content\/uploads\/2023\/01\/pt-chambre-2.jpg\" alt=\"\" class=\"wp-image-48\" srcset=\"https:\/\/lacoursedusoleil.be.frattini.be\/wp-content\/uploads\/2023\/01\/pt-chambre-2.jpg 816w, https:\/\/lacoursedusoleil.be.frattini.be\/wp-content\/uploads\/2023\/01\/pt-chambre-2-300x225.jpg 300w, https:\/\/lacoursedusoleil.be.frattini.be\/wp-content\/uploads\/2023\/01\/pt-chambre-2-768x576.jpg 768w\" sizes=\"auto, (max-width: 816px) 100vw, 816px\" \/><\/figure>\n<\/div>\n<\/div>\n\n\n\n<h3 class=\"wp-block-heading\" style=\"margin-top:16px\">Chambre double<\/h3>\n\n\n\n<p>Chambre spacieuse avec lit 160cm et poss\u00e9dant une garde robe. Les longues fen\u00eatres donnent une vue sur les champs et villages au loin.<\/p>\n<\/div>\n<\/div>\n\n\n\n<div class=\"wp-block-columns is-layout-flex wp-container-core-columns-is-layout-28f84493 wp-block-columns-is-layout-flex\">\n<div class=\"wp-block-column is-layout-flow wp-block-column-is-layout-flow\">\n<figure class=\"wp-block-image size-full\"><img loading=\"lazy\" decoding=\"async\" width=\"996\" height=\"664\" src=\"https:\/\/lacoursedusoleil.be.frattini.be\/wp-content\/uploads\/2023\/01\/pt-salle-de-jeux.jpg\" alt=\"\" class=\"wp-image-49\" srcset=\"https:\/\/lacoursedusoleil.be.frattini.be\/wp-content\/uploads\/2023\/01\/pt-salle-de-jeux.jpg 996w, https:\/\/lacoursedusoleil.be.frattini.be\/wp-content\/uploads\/2023\/01\/pt-salle-de-jeux-300x200.jpg 300w, https:\/\/lacoursedusoleil.be.frattini.be\/wp-content\/uploads\/2023\/01\/pt-salle-de-jeux-768x512.jpg 768w\" sizes=\"auto, (max-width: 996px) 100vw, 996px\" \/><\/figure>\n\n\n\n<h3 class=\"wp-block-heading\">Salle de jeux + lit cabane<\/h3>\n\n\n\n<p>Grande salle de jeux + lit 90cm cabane. <br>Elle donne acc\u00e8s sur la pi\u00e8ce jacuzzi. (ferm\u00e9e \u00e0 cl\u00e9, cl\u00e9 \u00e0 disposition des parents)<\/p>\n<\/div>\n\n\n\n<div class=\"wp-block-column is-layout-flow wp-block-column-is-layout-flow\">\n<figure class=\"wp-block-image size-large\"><img loading=\"lazy\" decoding=\"async\" width=\"771\" height=\"1024\" src=\"https:\/\/lacoursedusoleil.be.frattini.be\/wp-content\/uploads\/2023\/01\/pt-Jaccuzi-771x1024.jpg\" alt=\"\" class=\"wp-image-50\" srcset=\"https:\/\/lacoursedusoleil.be.frattini.be\/wp-content\/uploads\/2023\/01\/pt-Jaccuzi-771x1024.jpg 771w, https:\/\/lacoursedusoleil.be.frattini.be\/wp-content\/uploads\/2023\/01\/pt-Jaccuzi-226x300.jpg 226w, https:\/\/lacoursedusoleil.be.frattini.be\/wp-content\/uploads\/2023\/01\/pt-Jaccuzi-768x1020.jpg 768w, https:\/\/lacoursedusoleil.be.frattini.be\/wp-content\/uploads\/2023\/01\/pt-Jaccuzi.jpg 775w\" sizes=\"auto, (max-width: 771px) 100vw, 771px\" \/><\/figure>\n<\/div>\n\n\n\n<div class=\"wp-block-column is-layout-flow wp-block-column-is-layout-flow\">\n<figure class=\"wp-block-image size-full\"><img loading=\"lazy\" decoding=\"async\" width=\"934\" height=\"623\" src=\"https:\/\/lacoursedusoleil.be.frattini.be\/wp-content\/uploads\/2023\/01\/pt-hall-de-nuit.jpg\" alt=\"\" class=\"wp-image-51\" srcset=\"https:\/\/lacoursedusoleil.be.frattini.be\/wp-content\/uploads\/2023\/01\/pt-hall-de-nuit.jpg 934w, https:\/\/lacoursedusoleil.be.frattini.be\/wp-content\/uploads\/2023\/01\/pt-hall-de-nuit-300x200.jpg 300w, https:\/\/lacoursedusoleil.be.frattini.be\/wp-content\/uploads\/2023\/01\/pt-hall-de-nuit-768x512.jpg 768w\" sizes=\"auto, (max-width: 934px) 100vw, 934px\" \/><\/figure>\n\n\n\n<h2 class=\"wp-block-heading\">Hall de nuit<\/h2>\n\n\n\n<p>Hall de nuit avec coin lecture + vue<\/p>\n<\/div>\n<\/div>\n<\/div>\n\n\n\n<p><\/p>\n\n\n\n<div class=\"wp-block-group alignfull has-ast-global-color-5-background-color has-background is-layout-constrained wp-container-core-group-is-layout-94d206d0 wp-block-group-is-layout-constrained\" id=\"about\" style=\"padding-top:143px;padding-bottom:144px\">\n<div class=\"wp-block-media-text has-media-on-the-right is-stacked-on-mobile is-vertically-aligned-center\" style=\"grid-template-columns:auto 61%\"><div class=\"wp-block-media-text__content\">\n<div class=\"inherit-container-width wp-block-group is-layout-constrained wp-container-core-group-is-layout-47ce07ec wp-block-group-is-layout-constrained\" style=\"padding-right:80px\">\n<h2 class=\"wp-block-heading\" style=\"padding-right:40px\">Tarifs:<\/h2>\n<\/div>\n\n\n\n<p>1 nuit : 329\u20ac<br>1 nuit<em>(Tarif B) :<\/em> 259\u20ac (4 Pers. +10\u20ac \/Pers. supp)<\/p>\n\n\n\n<p>2 nuits : 429\u20ac (4 Pers. +10\u20ac \/Pers. supp.)<br>2 nuits <em>(Tarif B)<\/em> : 350 \u20ac (4 Pers. +10\u20ac \/Pers. supp)<br>1 nuit suppl\u00e9mentaire : 155\u20ac<\/p>\n\n\n\n<p>6 nuits APD. du vendredi : 1049\u20ac<br>6 nuits APD. du vendredi : 875\u20ac <em>(Tarif B)<\/em><\/p>\n\n\n\n<p>Garantie Locative : 200\u20ac<br>Option m\u00e9nage: 50\u20ac (Surplus 95\u20ac)<br><em>Tarif B = Hors weekends, f\u00e9ri\u00e9s et cong\u00e9s scolaires<\/em><br><strong>Date flexible = Tarif flexible contacter nous !<\/strong><\/p>\n\n\n\n<div class=\"wp-block-buttons is-layout-flex wp-block-buttons-is-layout-flex\">\n<div class=\"wp-block-button\"><a class=\"wp-block-button__link wp-element-button\" href=\"https:\/\/lacoursedusoleil.be\/?page_id=135\">D\u00e9tails<\/a><\/div>\n\n\n\n<div class=\"wp-block-button\"><a class=\"wp-block-button__link wp-element-button\" href=\"https:\/\/lacoursedusoleil.be\/?page_id=92\">R\u00e9server<\/a><\/div>\n<\/div>\n\n\n\n<p>Vous en voulez plus ? <a href=\"mailto:lacoursedusoleil17@gmail.com?subject=Demande d informations concernant  le Gite \">Demandez-nous un tarif adapt\u00e9.<\/a><\/p>\n<\/div><figure class=\"wp-block-media-text__media\"><a href=\"https:\/\/www.trekkingetvoyage.com\/un-week-end-en-foret-de-saint-hubert\" target=\"_blank\" rel=\"noreferrer noopener\"><img loading=\"lazy\" decoding=\"async\" width=\"750\" height=\"500\" src=\"https:\/\/lacoursedusoleil.be.frattini.be\/wp-content\/uploads\/2023\/01\/treikking.jpg\" alt=\"\" class=\"wp-image-82 size-full\" srcset=\"https:\/\/lacoursedusoleil.be.frattini.be\/wp-content\/uploads\/2023\/01\/treikking.jpg 750w, https:\/\/lacoursedusoleil.be.frattini.be\/wp-content\/uploads\/2023\/01\/treikking-300x200.jpg 300w\" sizes=\"auto, (max-width: 750px) 100vw, 750px\" \/><\/a><\/figure><\/div>\n<\/div>\n\n\n\n<div class=\"wp-block-group alignfull has-ast-global-color-4-background-color has-background is-layout-constrained wp-container-core-group-is-layout-6a2cfb7b wp-block-group-is-layout-constrained\" id=\"reviews\">\n<figure class=\"wp-block-image aligncenter size-full is-resized is-style-rounded\"><img loading=\"lazy\" decoding=\"async\" width=\"352\" height=\"262\" src=\"https:\/\/lacoursedusoleil.be.frattini.be\/wp-content\/uploads\/2023\/01\/2-2.jpg\" alt=\"\" class=\"wp-image-81\" style=\"width:176px;height:131px\" srcset=\"https:\/\/lacoursedusoleil.be.frattini.be\/wp-content\/uploads\/2023\/01\/2-2.jpg 352w, https:\/\/lacoursedusoleil.be.frattini.be\/wp-content\/uploads\/2023\/01\/2-2-300x223.jpg 300w\" sizes=\"auto, (max-width: 352px) 100vw, 352px\" \/><\/figure>\n\n\n\n<p class=\"has-text-align-center\" style=\"font-size:22px;line-height:1.6\">\u201cNous sommes Adrienne et Michel, depuis 2023 nous vous proposons un endroit spacieux et moderne pens\u00e9 pour votre plaisir et confort.\u201d<\/p>\n<\/div>\n\n\n\n<div class=\"wp-block-group alignfull is-layout-constrained wp-container-core-group-is-layout-3fee123f wp-block-group-is-layout-constrained\" id=\"whyus\" style=\"padding-top:144px;padding-bottom:144px\">\n<h2 class=\"wp-block-heading\">Pourquoi nous choisir ? <\/h2>\n\n\n\n<div class=\"wp-block-columns is-layout-flex wp-container-core-columns-is-layout-29aadeec wp-block-columns-is-layout-flex\" style=\"margin-top:60px\">\n<div class=\"wp-block-column is-layout-flow wp-container-core-column-is-layout-6b73ce23 wp-block-column-is-layout-flow\">\n<figure class=\"wp-block-image size-large\"><img decoding=\"async\" src=\"https:\/\/lacoursedusoleil.be.frattini.be\/wp-content\/themes\/astra\/inc\/assets\/images\/starter-content\/passionate.svg\" alt=\"\" class=\"wp-image-162\"\/><\/figure>\n\n\n\n<h3 class=\"wp-block-heading\" style=\"margin-top:16px\">Passionn\u00e9<\/h3>\n\n\n\n<p>Nous avons tous deux des m\u00e9tiers de services. Dans ce projet de g\u00eete, nous collaborons encore en ce sens pour \u00eatre au petit soin.<\/p>\n<\/div>\n\n\n\n<div class=\"wp-block-column is-layout-flow wp-container-core-column-is-layout-6b73ce23 wp-block-column-is-layout-flow\">\n<figure class=\"wp-block-image size-large\"><img decoding=\"async\" src=\"https:\/\/lacoursedusoleil.be.frattini.be\/wp-content\/themes\/astra\/inc\/assets\/images\/starter-content\/professional.svg\" alt=\"\" class=\"wp-image-163\"\/><\/figure>\n\n\n\n<h3 class=\"wp-block-heading\" style=\"margin-top:16px\">Bon temps<\/h3>\n\n\n\n<p>Paisible, sereine et confortable la maison est pr\u00eate \u00e0 vous accueillir et vous apporter du r\u00e9confort apr\u00e8s vos journ\u00e9es en balade.<\/p>\n<\/div>\n\n\n\n<div class=\"wp-block-column is-layout-flow wp-container-core-column-is-layout-6b73ce23 wp-block-column-is-layout-flow\">\n<figure class=\"wp-block-image size-large\"><img decoding=\"async\" src=\"https:\/\/lacoursedusoleil.be.frattini.be\/wp-content\/themes\/astra\/inc\/assets\/images\/starter-content\/support.svg\" alt=\"\" class=\"wp-image-164\"\/><\/figure>\n\n\n\n<h3 class=\"wp-block-heading\" style=\"margin-top:16px\">Aide<\/h3>\n\n\n\n<p><a href=\"mailto:lacoursedusoleil17@gmail.com?subject=Demande d informations concernant le Gite \">lacoursedusoleil17@gmail.com<\/a><br>rue Haye Pierson 17 &#8211; 6870 Saint-Hubert <br>+32 (0)498 86 26 72 ou +32 (0)494 15 11 10<\/p>BE51 6511 6061 8262 &#8211; TVA BE0860 277 261\n<\/div>\n<\/div>\n<\/div>\n\n\n\n<div class=\"wp-block-group alignfull has-background is-layout-constrained wp-container-core-group-is-layout-cfcca693 wp-block-group-is-layout-constrained\" id=\"contact\" style=\"background:linear-gradient(35deg,rgb(6,0,151) 0%,rgb(130,4,255) 64%,rgb(193,15,255) 98%);padding-top:104px;padding-bottom:104px\">\n<h2 class=\"wp-block-heading has-text-align-center has-text-color\" style=\"color:#ffffff\">R\u00e9servez maintenant<\/h2>\n\n\n\n<div class=\"wp-block-buttons alignwide is-horizontal is-content-justification-center is-layout-flex wp-container-core-buttons-is-layout-bba8380a wp-block-buttons-is-layout-flex\" style=\"margin-top:50px\">\n<div class=\"wp-block-button\"><a class=\"wp-block-button__link wp-element-button\" href=\"https:\/\/lacoursedusoleil.be\/?page_id=92\">Calendrier et R\u00e9servation<\/a><\/div>\n<\/div>\n<\/div>\n","protected":false},"excerpt":{"rendered":"<p>Le rez-de-chauss\u00e9e Le salon Salon d&rsquo;environ 25m\u00b2, 2 canap\u00e9s 3-4 places,TV 4k 55p avec d\u00e9codeur Voo +sport + Netflix La cuisine Cuisine \u00e9quip\u00e9e, taque induction, four, micro onde, Senseo et cafeti\u00e8re, ustensiles de cuisines, nombreux rangements. +Alexa avec Spotify premium La salle \u00e0 manger Salle \u00e0 manger ~25m\u00b2, grande table avec 8 chaises +1Baie vitr\u00e9e [&hellip;]<\/p>\n","protected":false},"author":1,"featured_media":0,"parent":0,"menu_order":0,"comment_status":"closed","ping_status":"closed","template":"","meta":{"site-sidebar-layout":"no-sidebar","site-content-layout":"plain-container","ast-site-content-layout":"default","site-content-style":"default","site-sidebar-style":"default","ast-global-header-display":"","ast-banner-title-visibility":"","ast-main-header-display":"","ast-hfb-above-header-display":"","ast-hfb-below-header-display":"","ast-hfb-mobile-header-display":"","site-post-title":"disabled","ast-breadcrumbs-content":"","ast-featured-img":"","footer-sml-layout":"","ast-disable-related-posts":"","theme-transparent-header-meta":"enabled","adv-header-id-meta":"","stick-header-meta":"","header-above-stick-meta":"","header-main-stick-meta":"","header-below-stick-meta":"","astra-migrate-meta-layouts":"default","ast-page-background-enabled":"default","ast-page-background-meta":{"desktop":{"background-color":"var(--ast-global-color-4)","background-image":"","background-repeat":"repeat","background-position":"center center","background-size":"auto","background-attachment":"scroll","background-type":"","background-media":"","overlay-type":"","overlay-color":"","overlay-opacity":"","overlay-gradient":""},"tablet":{"background-color":"","background-image":"","background-repeat":"repeat","background-position":"center center","background-size":"auto","background-attachment":"scroll","background-type":"","background-media":"","overlay-type":"","overlay-color":"","overlay-opacity":"","overlay-gradient":""},"mobile":{"background-color":"","background-image":"","background-repeat":"repeat","background-position":"center center","background-size":"auto","background-attachment":"scroll","background-type":"","background-media":"","overlay-type":"","overlay-color":"","overlay-opacity":"","overlay-gradient":""}},"ast-content-background-meta":{"desktop":{"background-color":"var(--ast-global-color-5)","background-image":"","background-repeat":"repeat","background-position":"center center","background-size":"auto","background-attachment":"scroll","background-type":"","background-media":"","overlay-type":"","overlay-color":"","overlay-opacity":"","overlay-gradient":""},"tablet":{"background-color":"var(--ast-global-color-5)","background-image":"","background-repeat":"repeat","background-position":"center center","background-size":"auto","background-attachment":"scroll","background-type":"","background-media":"","overlay-type":"","overlay-color":"","overlay-opacity":"","overlay-gradient":""},"mobile":{"background-color":"var(--ast-global-color-5)","background-image":"","background-repeat":"repeat","background-position":"center center","background-size":"auto","background-attachment":"scroll","background-type":"","background-media":"","overlay-type":"","overlay-color":"","overlay-opacity":"","overlay-gradient":""}},"footnotes":""},"class_list":["post-10","page","type-page","status-publish","hentry"],"yoast_head":"<!-- This site is optimized with the Yoast SEO plugin v26.7 - https:\/\/yoast.com\/wordpress\/plugins\/seo\/ -->\n<title>Home - La Course Du Soleil<\/title>\n<meta name=\"robots\" content=\"index, follow, max-snippet:-1, max-image-preview:large, max-video-preview:-1\" \/>\n<link rel=\"canonical\" href=\"https:\/\/lacoursedusoleil.be.frattini.be\/\" \/>\n<meta property=\"og:locale\" content=\"fr_FR\" \/>\n<meta property=\"og:type\" content=\"article\" \/>\n<meta property=\"og:title\" content=\"Home - La Course Du Soleil\" \/>\n<meta property=\"og:description\" content=\"Le rez-de-chauss\u00e9e Le salon Salon d&rsquo;environ 25m\u00b2, 2 canap\u00e9s 3-4 places,TV 4k 55p avec d\u00e9codeur Voo +sport + Netflix La cuisine Cuisine \u00e9quip\u00e9e, taque induction, four, micro onde, Senseo et cafeti\u00e8re, ustensiles de cuisines, nombreux rangements. +Alexa avec Spotify premium La salle \u00e0 manger Salle \u00e0 manger ~25m\u00b2, grande table avec 8 chaises +1Baie vitr\u00e9e [&hellip;]\" \/>\n<meta property=\"og:url\" content=\"https:\/\/lacoursedusoleil.be.frattini.be\/\" \/>\n<meta property=\"og:site_name\" content=\"La Course Du Soleil\" \/>\n<meta property=\"article:modified_time\" content=\"2026-01-16T13:02:13+00:00\" \/>\n<meta property=\"og:image\" content=\"https:\/\/lacoursedusoleil.be.frattini.be\/wp-content\/uploads\/2023\/01\/pt-maison.jpg\" \/>\n\t<meta property=\"og:image:width\" content=\"1284\" \/>\n\t<meta property=\"og:image:height\" content=\"926\" \/>\n\t<meta property=\"og:image:type\" content=\"image\/jpeg\" \/>\n<meta name=\"twitter:card\" content=\"summary_large_image\" \/>\n<meta name=\"twitter:label1\" content=\"Dur\u00e9e de lecture estim\u00e9e\" \/>\n\t<meta name=\"twitter:data1\" content=\"6 minutes\" \/>\n<script type=\"application\/ld+json\" class=\"yoast-schema-graph\">{\"@context\":\"https:\/\/schema.org\",\"@graph\":[{\"@type\":\"WebPage\",\"@id\":\"https:\/\/lacoursedusoleil.be.frattini.be\/\",\"url\":\"https:\/\/lacoursedusoleil.be.frattini.be\/\",\"name\":\"Home - La Course Du Soleil\",\"isPartOf\":{\"@id\":\"https:\/\/lacoursedusoleil.be.frattini.be\/#website\"},\"primaryImageOfPage\":{\"@id\":\"https:\/\/lacoursedusoleil.be.frattini.be\/#primaryimage\"},\"image\":{\"@id\":\"https:\/\/lacoursedusoleil.be.frattini.be\/#primaryimage\"},\"thumbnailUrl\":\"https:\/\/lacoursedusoleil.be.frattini.be\/wp-content\/uploads\/2023\/01\/pt-maison-1024x738.jpg\",\"datePublished\":\"2023-01-12T12:42:17+00:00\",\"dateModified\":\"2026-01-16T13:02:13+00:00\",\"breadcrumb\":{\"@id\":\"https:\/\/lacoursedusoleil.be.frattini.be\/#breadcrumb\"},\"inLanguage\":\"fr-FR\",\"potentialAction\":[{\"@type\":\"ReadAction\",\"target\":[\"https:\/\/lacoursedusoleil.be.frattini.be\/\"]}]},{\"@type\":\"ImageObject\",\"inLanguage\":\"fr-FR\",\"@id\":\"https:\/\/lacoursedusoleil.be.frattini.be\/#primaryimage\",\"url\":\"https:\/\/lacoursedusoleil.be.frattini.be\/wp-content\/uploads\/2023\/01\/pt-maison.jpg\",\"contentUrl\":\"https:\/\/lacoursedusoleil.be.frattini.be\/wp-content\/uploads\/2023\/01\/pt-maison.jpg\",\"width\":1284,\"height\":926},{\"@type\":\"BreadcrumbList\",\"@id\":\"https:\/\/lacoursedusoleil.be.frattini.be\/#breadcrumb\",\"itemListElement\":[{\"@type\":\"ListItem\",\"position\":1,\"name\":\"Accueil\",\"item\":\"https:\/\/lacoursedusoleil.be.frattini.be\/\"},{\"@type\":\"ListItem\",\"position\":2,\"name\":\"Home\"}]},{\"@type\":\"WebSite\",\"@id\":\"https:\/\/lacoursedusoleil.be.frattini.be\/#website\",\"url\":\"https:\/\/lacoursedusoleil.be.frattini.be\/\",\"name\":\"La Course Du Soleil\",\"description\":\"\",\"potentialAction\":[{\"@type\":\"SearchAction\",\"target\":{\"@type\":\"EntryPoint\",\"urlTemplate\":\"https:\/\/lacoursedusoleil.be.frattini.be\/?s={search_term_string}\"},\"query-input\":{\"@type\":\"PropertyValueSpecification\",\"valueRequired\":true,\"valueName\":\"search_term_string\"}}],\"inLanguage\":\"fr-FR\"}]}<\/script>\n<!-- \/ Yoast SEO plugin. -->","yoast_head_json":{"title":"Home - La Course Du Soleil","robots":{"index":"index","follow":"follow","max-snippet":"max-snippet:-1","max-image-preview":"max-image-preview:large","max-video-preview":"max-video-preview:-1"},"canonical":"https:\/\/lacoursedusoleil.be.frattini.be\/","og_locale":"fr_FR","og_type":"article","og_title":"Home - La Course Du Soleil","og_description":"Le rez-de-chauss\u00e9e Le salon Salon d&rsquo;environ 25m\u00b2, 2 canap\u00e9s 3-4 places,TV 4k 55p avec d\u00e9codeur Voo +sport + Netflix La cuisine Cuisine \u00e9quip\u00e9e, taque induction, four, micro onde, Senseo et cafeti\u00e8re, ustensiles de cuisines, nombreux rangements. +Alexa avec Spotify premium La salle \u00e0 manger Salle \u00e0 manger ~25m\u00b2, grande table avec 8 chaises +1Baie vitr\u00e9e [&hellip;]","og_url":"https:\/\/lacoursedusoleil.be.frattini.be\/","og_site_name":"La Course Du Soleil","article_modified_time":"2026-01-16T13:02:13+00:00","og_image":[{"width":1284,"height":926,"url":"https:\/\/lacoursedusoleil.be.frattini.be\/wp-content\/uploads\/2023\/01\/pt-maison.jpg","type":"image\/jpeg"}],"twitter_card":"summary_large_image","twitter_misc":{"Dur\u00e9e de lecture estim\u00e9e":"6 minutes"},"schema":{"@context":"https:\/\/schema.org","@graph":[{"@type":"WebPage","@id":"https:\/\/lacoursedusoleil.be.frattini.be\/","url":"https:\/\/lacoursedusoleil.be.frattini.be\/","name":"Home - La Course Du Soleil","isPartOf":{"@id":"https:\/\/lacoursedusoleil.be.frattini.be\/#website"},"primaryImageOfPage":{"@id":"https:\/\/lacoursedusoleil.be.frattini.be\/#primaryimage"},"image":{"@id":"https:\/\/lacoursedusoleil.be.frattini.be\/#primaryimage"},"thumbnailUrl":"https:\/\/lacoursedusoleil.be.frattini.be\/wp-content\/uploads\/2023\/01\/pt-maison-1024x738.jpg","datePublished":"2023-01-12T12:42:17+00:00","dateModified":"2026-01-16T13:02:13+00:00","breadcrumb":{"@id":"https:\/\/lacoursedusoleil.be.frattini.be\/#breadcrumb"},"inLanguage":"fr-FR","potentialAction":[{"@type":"ReadAction","target":["https:\/\/lacoursedusoleil.be.frattini.be\/"]}]},{"@type":"ImageObject","inLanguage":"fr-FR","@id":"https:\/\/lacoursedusoleil.be.frattini.be\/#primaryimage","url":"https:\/\/lacoursedusoleil.be.frattini.be\/wp-content\/uploads\/2023\/01\/pt-maison.jpg","contentUrl":"https:\/\/lacoursedusoleil.be.frattini.be\/wp-content\/uploads\/2023\/01\/pt-maison.jpg","width":1284,"height":926},{"@type":"BreadcrumbList","@id":"https:\/\/lacoursedusoleil.be.frattini.be\/#breadcrumb","itemListElement":[{"@type":"ListItem","position":1,"name":"Accueil","item":"https:\/\/lacoursedusoleil.be.frattini.be\/"},{"@type":"ListItem","position":2,"name":"Home"}]},{"@type":"WebSite","@id":"https:\/\/lacoursedusoleil.be.frattini.be\/#website","url":"https:\/\/lacoursedusoleil.be.frattini.be\/","name":"La Course Du Soleil","description":"","potentialAction":[{"@type":"SearchAction","target":{"@type":"EntryPoint","urlTemplate":"https:\/\/lacoursedusoleil.be.frattini.be\/?s={search_term_string}"},"query-input":{"@type":"PropertyValueSpecification","valueRequired":true,"valueName":"search_term_string"}}],"inLanguage":"fr-FR"}]}},"_links":{"self":[{"href":"https:\/\/lacoursedusoleil.be.frattini.be\/index.php?rest_route=\/wp\/v2\/pages\/10","targetHints":{"allow":["GET"]}}],"collection":[{"href":"https:\/\/lacoursedusoleil.be.frattini.be\/index.php?rest_route=\/wp\/v2\/pages"}],"about":[{"href":"https:\/\/lacoursedusoleil.be.frattini.be\/index.php?rest_route=\/wp\/v2\/types\/page"}],"author":[{"embeddable":true,"href":"https:\/\/lacoursedusoleil.be.frattini.be\/index.php?rest_route=\/wp\/v2\/users\/1"}],"replies":[{"embeddable":true,"href":"https:\/\/lacoursedusoleil.be.frattini.be\/index.php?rest_route=%2Fwp%2Fv2%2Fcomments&post=10"}],"version-history":[{"count":49,"href":"https:\/\/lacoursedusoleil.be.frattini.be\/index.php?rest_route=\/wp\/v2\/pages\/10\/revisions"}],"predecessor-version":[{"id":186,"href":"https:\/\/lacoursedusoleil.be.frattini.be\/index.php?rest_route=\/wp\/v2\/pages\/10\/revisions\/186"}],"wp:attachment":[{"href":"https:\/\/lacoursedusoleil.be.frattini.be\/index.php?rest_route=%2Fwp%2Fv2%2Fmedia&parent=10"}],"curies":[{"name":"wp","href":"https:\/\/api.w.org\/{rel}","templated":true}]}}